{"id":86829,"date":"2025-11-07T15:43:03","date_gmt":"2025-11-07T14:43:03","guid":{"rendered":"https:\/\/www.drehbuchwerkstatt.de\/relaunch\/?page_id=86829"},"modified":"2025-11-13T09:17:47","modified_gmt":"2025-11-13T08:17:47","slug":"audiencefirst-storytelling-lab-11-2025","status":"publish","type":"page","link":"https:\/\/www.drehbuchwerkstatt.de\/relaunch\/audiencefirst-storytelling-lab-11-2025\/","title":{"rendered":"audience:first storytelling lab 11.2025"},"content":{"rendered":"<div class=\"wpb-content-wrapper\"><p>[vc_row row_height_percent=&#8220;100&#8243; override_padding=&#8220;yes&#8220; h_padding=&#8220;0&#8243; top_padding=&#8220;0&#8243; bottom_padding=&#8220;0&#8243; back_color=&#8220;color-wayh&#8220; back_image=&#8220;86893&#8243; back_repeat=&#8220;no-repeat&#8220; back_position=&#8220;center center&#8220; kburns=&#8220;yes&#8220; overlay_alpha=&#8220;0&#8243; gutter_size=&#8220;3&#8243; column_width_percent=&#8220;100&#8243; shift_y=&#8220;0&#8243; z_index=&#8220;0&#8243; sticky=&#8220;yes&#8220; content_parallax=&#8220;0&#8243; row_name=&#8220;intro_title&#8220; uncode_shortcode_id=&#8220;639455&#8243; back_color_type=&#8220;uncode-palette&#8220;][vc_column column_width_percent=&#8220;100&#8243; position_vertical=&#8220;middle&#8220; gutter_size=&#8220;3&#8243; overlay_alpha=&#8220;50&#8243; shift_x=&#8220;0&#8243; shift_y=&#8220;0&#8243; shift_y_down=&#8220;0&#8243; z_index=&#8220;0&#8243; medium_width=&#8220;0&#8243; mobile_width=&#8220;0&#8243; width=&#8220;1\/1&#8243;][vc_row_inner][vc_column_inner column_width_percent=&#8220;100&#8243; align_horizontal=&#8220;align_center&#8220; gutter_size=&#8220;4&#8243; override_padding=&#8220;yes&#8220; column_padding=&#8220;3&#8243; overlay_alpha=&#8220;50&#8243; shift_x=&#8220;0&#8243; shift_y=&#8220;0&#8243; shift_y_down=&#8220;0&#8243; z_index=&#8220;0&#8243; medium_width=&#8220;0&#8243; mobile_width=&#8220;0&#8243; width=&#8220;1\/1&#8243; uncode_shortcode_id=&#8220;190715&#8243;][vc_wp_custommenu nav_menu=&#8220;239&#8243; nav_menu_horizontal=&#8220;1&#8243; use_widget_style=&#8220;yes&#8220; widget_collapse_tablet=&#8220;yes&#8220; widget_collapse=&#8220;yes&#8220; widget_style_no_separator=&#8220;yes&#8220; widget_style_no_arrows=&#8220;yes&#8220;][\/vc_column_inner][\/vc_row_inner][vc_row_inner][vc_column_inner column_width_percent=&#8220;100&#8243; position_vertical=&#8220;bottom&#8220; align_horizontal=&#8220;align_center&#8220; gutter_size=&#8220;0&#8243; override_padding=&#8220;yes&#8220; column_padding=&#8220;2&#8243; overlay_alpha=&#8220;50&#8243; shift_x=&#8220;0&#8243; shift_y=&#8220;0&#8243; shift_y_down=&#8220;0&#8243; z_index=&#8220;0&#8243; medium_width=&#8220;0&#8243; mobile_width=&#8220;0&#8243; width=&#8220;1\/1&#8243; uncode_shortcode_id=&#8220;653628&#8243;][vc_empty_space empty_h=&#8220;5&#8243;][vc_empty_space empty_h=&#8220;3&#8243;][vc_single_image media=&#8220;84043&#8243; media_width_percent=&#8220;50&#8243; alignment=&#8220;center&#8220; css_animation=&#8220;zoom-out&#8220; uncode_shortcode_id=&#8220;172627&#8243;][vc_column_text uncode_shortcode_id=&#8220;848676&#8243;]<\/p>\n<p style=\"text-align: center;\">pr\u00e4sentiert 2025<\/p>\n<h4 style=\"text-align: center;\">f\u00fcnf Autorinnen | vier Serien | eine Challenge:<\/h4>\n<h3 style=\"text-align: center;\">Entwickelt &amp; produziert in einer Woche eine Szene zu Eurer Audio Fiction Serie!<\/h3>\n<p style=\"text-align: center;\">Die Resultate k\u00f6nnen sich \u201eh\u00f6ren\u201c lassen! Seht (und lauscht) selbst!<\/p>\n<p style=\"text-align: center;\">Zu jedem Serienstoff gibt es au\u00dferdem eine Serienbibel. Bei Interesse wenden Sie sich direkt an die Autor*innen oder an uns unter <a href=\"mailto:webfirst_lab@web.de\">webfirst_lab@web.de<\/a>.<\/p>\n<p>[\/vc_column_text][vc_empty_space empty_h=&#8220;3&#8243;][\/vc_column_inner][\/vc_row_inner][\/vc_column][\/vc_row][vc_row row_height_percent=&#8220;100&#8243; override_padding=&#8220;yes&#8220; h_padding=&#8220;0&#8243; top_padding=&#8220;0&#8243; bottom_padding=&#8220;0&#8243; back_color=&#8220;color-wayh&#8220; back_image=&#8220;86881&#8243; back_repeat=&#8220;no-repeat&#8220; back_position=&#8220;center top&#8220; kburns=&#8220;yes&#8220; overlay_alpha=&#8220;0&#8243; gutter_size=&#8220;3&#8243; column_width_percent=&#8220;100&#8243; shift_y=&#8220;0&#8243; z_index=&#8220;0&#8243; content_parallax=&#8220;0&#8243; row_name=&#8220;genzero_bild&#8220; uncode_shortcode_id=&#8220;877828&#8243; back_color_type=&#8220;uncode-palette&#8220;][vc_column column_width_percent=&#8220;100&#8243; position_vertical=&#8220;bottom&#8220; gutter_size=&#8220;3&#8243; overlay_alpha=&#8220;50&#8243; shift_x=&#8220;0&#8243; shift_y=&#8220;0&#8243; shift_y_down=&#8220;0&#8243; z_index=&#8220;0&#8243; medium_width=&#8220;0&#8243; mobile_width=&#8220;0&#8243; width=&#8220;1\/1&#8243;][\/vc_column][\/vc_row][vc_row row_height_percent=&#8220;100&#8243; override_padding=&#8220;yes&#8220; h_padding=&#8220;0&#8243; top_padding=&#8220;0&#8243; bottom_padding=&#8220;0&#8243; back_color=&#8220;color-xsdn&#8220; overlay_alpha=&#8220;50&#8243; gutter_size=&#8220;0&#8243; column_width_percent=&#8220;100&#8243; shift_y=&#8220;0&#8243; z_index=&#8220;0&#8243; content_parallax=&#8220;0&#8243; row_name=&#8220;genzero_story&#8220; uncode_shortcode_id=&#8220;187497&#8243; back_color_type=&#8220;uncode-palette&#8220;][vc_column column_width_percent=&#8220;100&#8243; gutter_size=&#8220;3&#8243; style=&#8220;light&#8220; overlay_alpha=&#8220;50&#8243; shift_x=&#8220;0&#8243; shift_y=&#8220;0&#8243; shift_y_down=&#8220;0&#8243; z_index=&#8220;0&#8243; medium_width=&#8220;0&#8243; mobile_width=&#8220;0&#8243; width=&#8220;1\/1&#8243; uncode_shortcode_id=&#8220;119065&#8243;][vc_row_inner row_inner_height_percent=&#8220;0&#8243; back_color=&#8220;color-628826&#8243; back_image=&#8220;85278&#8243; overlay_alpha=&#8220;50&#8243; gutter_size=&#8220;1&#8243; shift_y=&#8220;0&#8243; z_index=&#8220;0&#8243; uncode_shortcode_id=&#8220;212408&#8243; back_color_type=&#8220;uncode-palette&#8220;][vc_column_inner column_width_percent=&#8220;100&#8243; gutter_size=&#8220;3&#8243; override_padding=&#8220;yes&#8220; column_padding=&#8220;5&#8243; style=&#8220;dark&#8220; overlay_alpha=&#8220;50&#8243; shift_x=&#8220;0&#8243; shift_y=&#8220;0&#8243; shift_y_down=&#8220;0&#8243; z_index=&#8220;0&#8243; medium_width=&#8220;0&#8243; mobile_width=&#8220;0&#8243; width=&#8220;1\/1&#8243; uncode_shortcode_id=&#8220;487067&#8243;][vc_custom_heading text_size=&#8220;h1&#8243; text_transform=&#8220;uppercase&#8220; separator=&#8220;yes&#8220; sub_lead=&#8220;yes&#8220; subheading=&#8220;Eine cyberpunkige Near-Future-H\u00f6rspielserie von Sarah Fischbacher &amp; Meret Reh | Audio Fiction | 6 x 30 Minuten&#8220; uncode_shortcode_id=&#8220;532909&#8243;]GEN ZERO[\/vc_custom_heading][\/vc_column_inner][\/vc_row_inner][vc_row_inner row_inner_height_percent=&#8220;0&#8243; overlay_alpha=&#8220;50&#8243; gutter_size=&#8220;1&#8243; shift_y=&#8220;0&#8243; z_index=&#8220;0&#8243; uncode_shortcode_id=&#8220;418341&#8243;][vc_column_inner column_width_percent=&#8220;100&#8243; position_horizontal=&#8220;left&#8220; gutter_size=&#8220;0&#8243; override_padding=&#8220;yes&#8220; column_padding=&#8220;5&#8243; style=&#8220;light&#8220; overlay_alpha=&#8220;50&#8243; shift_x=&#8220;0&#8243; shift_y=&#8220;0&#8243; shift_y_down=&#8220;0&#8243; z_index=&#8220;0&#8243; medium_width=&#8220;0&#8243; mobile_width=&#8220;0&#8243; width=&#8220;1\/2&#8243; uncode_shortcode_id=&#8220;120055&#8243; css=&#8220;.vc_custom_1731929473299{border-top-width: 0px !important;border-bottom-width: 0px !important;padding-top: 0px !important;padding-bottom: 15px !important;}&#8220;][vc_column_text uncode_shortcode_id=&#8220;585768&#8243;]<strong>Die dunkle Welt eines Biotech-Konzerns. Fragw\u00fcrdige Machenschaften. Und eine junge Frau, die herausfindet, dass sie selbst Teil eines dubiosen Embryonen-Experiments ist. Jetzt k\u00e4mpft sie nicht nur um die Wahrheit, sondern auch um ihre eigene Identit\u00e4t. Und die Existenz ihrer ungeborenen Schwester.<\/strong><\/p>\n<p>Deutschland der nahen Zukunft: Die Bundesregierung hat ihre Gesetze zur Embryonenforschung massiv gelockert, um dem demographischen Wandel etwas entgegenzusetzen. Darin wittern m\u00e4chtige Konzerne ihre Chance: Unter dem Deckmantel der Innovation und dem Erkenntnisgewinn f\u00fchren sie nun heimlich fragw\u00fcrdige Experimente an Embryonen durch.<\/p>\n<p>In einem solchen Konzern arbeitet jetzt auch ALMA (31). Nicht wirklich freiwillig. Denn Alma hat es verbockt. Ihr alter Job ist weg und jetzt muss sie beim Biotech-Konzern GENESIS auf Aushilfsbasis Daten digitalisieren, um \u00fcberhaupt irgendwie an Geld zu kommen. No money, no purpose. Alma f\u00fchlt sich abgeh\u00e4ngt und allein. Wer nichts zu verlieren hat, kann auch gleich alles riskieren, denkt sie sich. Und so nutzt sie den neuen Job, um mit einem Datenleak aus dem Konzern an Geld zu kommen.<\/p>\n<p>Doch dabei f\u00e4llt Alma pl\u00f6tzlich eine Akte in die H\u00e4nde: ihre eigene. Was macht ihre Geburtsurkunde in den Datens\u00e4tzen des Biotech-Konzerns? Sie erkennt: Ihre Mutter hat ihr ein gro\u00dfes Familiengeheimnis verschwiegen. War sie \u00fcberhaupt ihre leibliche Mutter? Fragen kann Alma sie das nicht mehr. Denn ihre Mutter lebt nur noch als Schatten ihrer selbst als MOM-BOT weiter.[\/vc_column_text][\/vc_column_inner][vc_column_inner column_width_percent=&#8220;100&#8243; position_horizontal=&#8220;left&#8220; gutter_size=&#8220;3&#8243; override_padding=&#8220;yes&#8220; column_padding=&#8220;5&#8243; style=&#8220;light&#8220; overlay_alpha=&#8220;50&#8243; shift_x=&#8220;0&#8243; shift_y=&#8220;0&#8243; shift_y_down=&#8220;0&#8243; z_index=&#8220;0&#8243; medium_width=&#8220;0&#8243; mobile_width=&#8220;0&#8243; width=&#8220;1\/2&#8243; uncode_shortcode_id=&#8220;267870&#8243; css=&#8220;.vc_custom_1731929480160{padding-top: 0px !important;}&#8220;][vc_column_text uncode_shortcode_id=&#8220;877543&#8243;]Alma, pl\u00f6tzlich pers\u00f6nlich involviert, will herausfinden, was der exzentrische GENESIS-Chef und Tech-Million\u00e4r SILAS LANG (64) hier eigentlich vorhat. Doch die Konzern-Mitarbeiterin IRINA UPOZNAJA (51) scheint ihr auf ihrer Suche Steine in den Weg zu legen. Oder zweifelt sie in Wahrheit selbst an den Machenschaften von GENESIS?<\/p>\n<p>Bei ihrer Suche nach der Wahrheit st\u00f6\u00dft Alma auf ein weiteres Puzzleteil, das sie vor eine ethische Zerreisprobe stellen wird: Es gibt noch einen genetischen Zwilling von ihr, der seit 30 Jahren hier bei GENESIS auf Eis liegt. Alma muss sich entscheiden: Wird sie das Experiment aufdecken \u2013 oder entschlie\u00dft sie sich, den Embryo selbst auszutragen und damit Schwester und Mutter des Kindes zugleich zu werden?<\/p>\n<p>GEN ZERO malt ein d\u00fcsteres, spannungsgetriebenes Zukunftsszenario und erz\u00e4hlt von Grenzen, die wir \u00fcberschreiten und Entscheidungen, die uns definieren. Die Serie macht die Fragen auf: D\u00fcrfen wir alles, was technisch m\u00f6glich ist? Wer entscheidet, was ethisch ist und was nicht? Und: M\u00fcssen wir etwas sein lassen, nur weil es als verboten und verwerflich gilt?[\/vc_column_text][vc_empty_space empty_h=&#8220;2&#8243;][vc_column_text uncode_shortcode_id=&#8220;867595&#8243;]<img decoding=\"async\" class=\"alignnone wp-image-85830 aligncenter\" src=\"https:\/\/www.drehbuchwerkstatt.de\/relaunch\/wp-content\/uploads\/2024\/11\/logo_listening_v2-300x74.jpg\" alt=\"\" width=\"243\" height=\"60\" srcset=\"https:\/\/www.drehbuchwerkstatt.de\/relaunch\/wp-content\/uploads\/2024\/11\/logo_listening_v2-300x74.jpg 300w, https:\/\/www.drehbuchwerkstatt.de\/relaunch\/wp-content\/uploads\/2024\/11\/logo_listening_v2-768x189.jpg 768w, https:\/\/www.drehbuchwerkstatt.de\/relaunch\/wp-content\/uploads\/2024\/11\/logo_listening_v2-350x86.jpg 350w, https:\/\/www.drehbuchwerkstatt.de\/relaunch\/wp-content\/uploads\/2024\/11\/logo_listening_v2.jpg 800w\" sizes=\"(max-width: 243px) 100vw, 243px\" \/>[\/vc_column_text][vc_single_image media=&#8220;86843&#8243; media_width_percent=&#8220;100&#8243; uncode_shortcode_id=&#8220;954537&#8243;][\/vc_column_inner][\/vc_row_inner][vc_empty_space empty_h=&#8220;2&#8243;][\/vc_column][\/vc_row][vc_row unlock_row_content=&#8220;yes&#8220; row_height_percent=&#8220;100&#8243; override_padding=&#8220;yes&#8220; h_padding=&#8220;0&#8243; top_padding=&#8220;0&#8243; bottom_padding=&#8220;0&#8243; overlay_alpha=&#8220;0&#8243; equal_height=&#8220;yes&#8220; gutter_size=&#8220;0&#8243; column_width_percent=&#8220;100&#8243; shift_y=&#8220;0&#8243; z_index=&#8220;0&#8243; content_parallax=&#8220;0&#8243; row_name=&#8220;genzero_author&#8220; uncode_shortcode_id=&#8220;146873&#8243;][vc_column column_width_percent=&#8220;100&#8243; gutter_size=&#8220;3&#8243; back_image=&#8220;86898&#8243; kburns=&#8220;yes&#8220; overlay_alpha=&#8220;0&#8243; shift_x=&#8220;0&#8243; shift_y=&#8220;0&#8243; shift_y_down=&#8220;0&#8243; z_index=&#8220;0&#8243; medium_width=&#8220;0&#8243; mobile_width=&#8220;0&#8243; width=&#8220;1\/2&#8243; mobile_height=&#8220;340&#8243; uncode_shortcode_id=&#8220;344354&#8243;][\/vc_column][vc_column column_width_use_pixel=&#8220;yes&#8220; gutter_size=&#8220;3&#8243; override_padding=&#8220;yes&#8220; column_padding=&#8220;5&#8243; back_image=&#8220;85278&#8243; back_repeat=&#8220;repeat&#8220; overlay_alpha=&#8220;0&#8243; shift_x=&#8220;0&#8243; shift_y=&#8220;0&#8243; shift_y_down=&#8220;0&#8243; z_index=&#8220;0&#8243; medium_width=&#8220;0&#8243; mobile_width=&#8220;0&#8243; width=&#8220;1\/2&#8243; column_width_pixel=&#8220;528&#8243; uncode_shortcode_id=&#8220;167164&#8243;][vc_custom_heading text_color=&#8220;color-xsdn&#8220; heading_semantic=&#8220;h1&#8243; text_size=&#8220;h1&#8243; text_transform=&#8220;uppercase&#8220; uncode_shortcode_id=&#8220;520828&#8243; text_color_type=&#8220;uncode-palette&#8220;]SARAH FISCHBACHER &amp; MERET REH[\/vc_custom_heading][vc_column_text uncode_shortcode_id=&#8220;361794&#8243;]<strong>Sarah Fischbacher<\/strong> (Jahrgang 1992), f\u00e4ngt mit einem Jahr an zu sprechen und hat seitdem nie wieder damit aufgeh\u00f6rt: auf der Theaterb\u00fchne, in Podcasts, als Moderatorin. Nach dem Studium in Literatur-\/Theaterwissenschaft und Kunstgeschichte in M\u00fcnchen verschl\u00e4gt es sie zun\u00e4chst ins Museum, wo sie beim Texten f\u00fcr Erkl\u00e4rfilme und Ausstellungskataloge herausfindet: Vielleicht gibt es da eine Profession, die noch besser zu ihr passt \u2013 das Schreiben. Ihr Sprungbrett: der Ausbildungssender M94.5. Praktika bei Deutschlandfunk Kultur und dem Bayerischen Rundfunk folgen und schlie\u00dflich das Programm-Volontariat beim BR. Seit Oktober 2023 ist sie freie Reporterin f\u00fcr die ARD und arbeitet als Autorin f\u00fcr Kinder-H\u00f6rspiel und Podcast.<\/p>\n<p><strong>Meret Reh<\/strong> hat Islam- und Politikwissenschaft in Berlin und Beirut studiert. W\u00e4hrenddessen arbeitet sie als freie Autorin f\u00fcr Radio Fritz, COSMO, den Deutschlandfunk, ze.tt und das Missy Magazine und bringt ihre eigene deutsch-franz\u00f6sische Musiksendung bei multicult.fm auf den Weg. Es folgt das Volontariat beim Bayerischen Rundfunk mit Stationen u.a. in der Politikredaktion, im ARD-Studio Paris und bei Die Frage.\u00a0Seitdem ist sie als freie Audio- und Videojournalistin sowohl in der Tagesaktualit\u00e4t, als auch f\u00fcr diverse Langzeitreportagen und Storytelling-Podcasts t\u00e4tig, mit Schwerpunkt auf gesellschaftspolitische und feministische Themen sowie die Arabische Welt. Zudem moderiert sie f\u00fcr Radio Fritz verschiedene Radiosendungen und Podiumsdiskussionen.<\/p>\n<p>&nbsp;<\/p>\n<p><img decoding=\"async\" class=\"alignleft wp-image-85353\" src=\"https:\/\/www.drehbuchwerkstatt.de\/relaunch\/wp-content\/uploads\/2024\/05\/dbw_mini_icons_white_mail.png\" alt=\"mail to:\" width=\"20\" height=\"20\" \/><a href=\"mailto:sarah.fischbacher@icloud.com\">sarah.fischbacher@icloud.com<\/a> | <a href=\"mailto:meret.reh@br.de\">meret.reh@br.de<\/a>[\/vc_column_text][\/vc_column][\/vc_row][vc_row row_height_percent=&#8220;100&#8243; override_padding=&#8220;yes&#8220; h_padding=&#8220;0&#8243; top_padding=&#8220;0&#8243; bottom_padding=&#8220;0&#8243; back_color=&#8220;color-wayh&#8220; back_image=&#8220;86904&#8243; back_repeat=&#8220;no-repeat&#8220; back_position=&#8220;center center&#8220; kburns=&#8220;yes&#8220; overlay_alpha=&#8220;0&#8243; gutter_size=&#8220;3&#8243; column_width_percent=&#8220;100&#8243; shift_y=&#8220;0&#8243; z_index=&#8220;0&#8243; content_parallax=&#8220;0&#8243; row_name=&#8220;edna_bild&#8220; uncode_shortcode_id=&#8220;331744&#8243; back_color_type=&#8220;uncode-palette&#8220;][vc_column column_width_percent=&#8220;100&#8243; position_vertical=&#8220;bottom&#8220; gutter_size=&#8220;3&#8243; overlay_alpha=&#8220;50&#8243; shift_x=&#8220;0&#8243; shift_y=&#8220;0&#8243; shift_y_down=&#8220;0&#8243; z_index=&#8220;0&#8243; medium_width=&#8220;0&#8243; mobile_width=&#8220;0&#8243; width=&#8220;1\/1&#8243;][\/vc_column][\/vc_row][vc_row row_height_percent=&#8220;100&#8243; override_padding=&#8220;yes&#8220; h_padding=&#8220;0&#8243; top_padding=&#8220;0&#8243; bottom_padding=&#8220;0&#8243; back_color=&#8220;color-xsdn&#8220; overlay_alpha=&#8220;50&#8243; gutter_size=&#8220;0&#8243; column_width_percent=&#8220;100&#8243; shift_y=&#8220;0&#8243; z_index=&#8220;0&#8243; content_parallax=&#8220;0&#8243; row_name=&#8220;edna_story&#8220; uncode_shortcode_id=&#8220;399109&#8243; back_color_type=&#8220;uncode-palette&#8220;][vc_column column_width_percent=&#8220;100&#8243; gutter_size=&#8220;3&#8243; style=&#8220;light&#8220; overlay_alpha=&#8220;50&#8243; shift_x=&#8220;0&#8243; shift_y=&#8220;0&#8243; shift_y_down=&#8220;0&#8243; z_index=&#8220;0&#8243; medium_width=&#8220;0&#8243; mobile_width=&#8220;0&#8243; width=&#8220;1\/1&#8243; uncode_shortcode_id=&#8220;687273&#8243;][vc_row_inner row_inner_height_percent=&#8220;0&#8243; back_color=&#8220;color-628826&#8243; back_image=&#8220;85278&#8243; overlay_alpha=&#8220;50&#8243; gutter_size=&#8220;1&#8243; shift_y=&#8220;0&#8243; z_index=&#8220;0&#8243; uncode_shortcode_id=&#8220;168904&#8243; back_color_type=&#8220;uncode-palette&#8220;][vc_column_inner column_width_percent=&#8220;100&#8243; gutter_size=&#8220;3&#8243; override_padding=&#8220;yes&#8220; column_padding=&#8220;5&#8243; style=&#8220;dark&#8220; overlay_alpha=&#8220;50&#8243; shift_x=&#8220;0&#8243; shift_y=&#8220;0&#8243; shift_y_down=&#8220;0&#8243; z_index=&#8220;0&#8243; medium_width=&#8220;0&#8243; mobile_width=&#8220;0&#8243; width=&#8220;1\/1&#8243; uncode_shortcode_id=&#8220;492789&#8243;][vc_custom_heading text_size=&#8220;h1&#8243; text_transform=&#8220;uppercase&#8220; separator=&#8220;yes&#8220; sub_lead=&#8220;yes&#8220; subheading=&#8220;Tragikom\u00f6die \u00fcber die Realit\u00e4tsflucht einer jungen Frau | New Adult \/ Punk | Audio Fiction Serie | 6 x 25 Minuten&#8220; uncode_shortcode_id=&#8220;188823&#8243;]EDNA WAR DA[\/vc_custom_heading][\/vc_column_inner][\/vc_row_inner][vc_row_inner row_inner_height_percent=&#8220;0&#8243; overlay_alpha=&#8220;50&#8243; gutter_size=&#8220;1&#8243; shift_y=&#8220;0&#8243; z_index=&#8220;0&#8243; uncode_shortcode_id=&#8220;201640&#8243;][vc_column_inner column_width_percent=&#8220;100&#8243; position_horizontal=&#8220;left&#8220; gutter_size=&#8220;3&#8243; override_padding=&#8220;yes&#8220; column_padding=&#8220;5&#8243; style=&#8220;light&#8220; overlay_alpha=&#8220;50&#8243; shift_x=&#8220;0&#8243; shift_y=&#8220;0&#8243; shift_y_down=&#8220;0&#8243; z_index=&#8220;0&#8243; medium_width=&#8220;0&#8243; mobile_width=&#8220;0&#8243; width=&#8220;1\/2&#8243; uncode_shortcode_id=&#8220;188502&#8243; css=&#8220;.vc_custom_1731929626969{border-top-width: 0px !important;border-bottom-width: 0px !important;padding-top: 0px !important;padding-bottom: 15px !important;}&#8220;][vc_column_text uncode_shortcode_id=&#8220;177867&#8243;]<strong>Edna hat keine Erkl\u00e4rung daf\u00fcr, dass sich ihr Leben wie eine einzige \u00dcberforderung und eine Kette aus Fehlentscheidungen anf\u00fchlt. Als die n\u00e4chste Katastrophe sich ank\u00fcndigt, sieht sie nur einen Ausweg: endlich raus aus dieser crazy Stadt, weit weg von all dem, was sie l\u00e4hmt \u2013 nur ist das gar nicht so einfach. (K)ein Roadmovie durch Berlin.<\/strong><\/p>\n<p>Edna (28) ist nicht richtig wach. Zumindest f\u00fchlt es sich so an. \u201eParalyse, bebi\u201c schreibt ihr Kumpel Ole (33) auf einen ihrer unge\u00f6ffneten Briefe. Ole, selbst \u00fcberfordert mit dem Leben, ist seit Monaten verstummt. Aber verstummen tut sonst nichts f\u00fcr Edna im lauten Berlin und der Gegenwart aus st\u00e4ndiger Reiz\u00fcberflutung. Regelm\u00e4\u00dfig fl\u00fcchtet sie sich in Parallelwelten aus Musik und Gedanken. Das ging bisher auch gut, bis\u2026<\/p>\n<p>\u2026 sie erf\u00e4hrt, dass sie exmatrikuliert ist, weil sie den Semesterbeitrag vergessen hat zu bezahlen. Nach und nach droht Edna alles zu entgleiten. Sie muss endlich ausbrechen, ihr Leben in den Griff kriegen \u2013 nur wie? Ihr quirliges Umfeld ist da leider auch keine Hilfe, das sorgt eher f\u00fcr Ablenkung.<\/p>\n<p>Da sind Theo (29) und Miezi (33), die sie von ihrem Business mit dem veganen Foodtruck \u00fcberzeugen wollen; da ist ihre adoptierte Omi (74), die sich gerne morgens von Edna aus der Stammkneipe abholen l\u00e4sst und pl\u00f6tzlich verschwunden ist; da ist ihre Affaire mit dem Nudisten Bene (31), der ihr klarmachen will, dass sie sich erstmal ihrer Klamotten entledigen muss, bevor sie richtig frei sein kann; da ist ihr Hippie-Vater Gerald (62), der sie zu sich nach Indien ins Retreat locken will und dann ist da noch Nikita (27), Gitarrist:in und neu im Haus \u2013 noch eine Person, die Edna nicht mehr aus dem ohnehin schon vollen Kopf geht.[\/vc_column_text][\/vc_column_inner][vc_column_inner column_width_percent=&#8220;100&#8243; position_horizontal=&#8220;left&#8220; gutter_size=&#8220;3&#8243; override_padding=&#8220;yes&#8220; column_padding=&#8220;5&#8243; style=&#8220;light&#8220; overlay_alpha=&#8220;50&#8243; shift_x=&#8220;0&#8243; shift_y=&#8220;0&#8243; shift_y_down=&#8220;0&#8243; z_index=&#8220;0&#8243; medium_width=&#8220;0&#8243; mobile_width=&#8220;0&#8243; width=&#8220;1\/2&#8243; uncode_shortcode_id=&#8220;209340&#8243; css=&#8220;.vc_custom_1731929636555{padding-top: 0px !important;}&#8220;][vc_column_text uncode_shortcode_id=&#8220;105220&#8243;]Und pl\u00f6tzlich steht die Polizei vor ihrer T\u00fcr. Edna ahnt, dass das etwas mit den unge\u00f6ffneten Briefen zu tun hat und sieht nur noch einen Ausweg: fluchtartig die Stadt verlassen &#8211; zur Not auch mit Theos Food Truck, dem \u201eVeganen Wurstmobil\u201c, ohne T\u00dcV. Wird sie es trotzdem schaffen, aufzuwachen? Und: Wo f\u00fchrt ihre Reise sie am Ende hin?<\/p>\n<p>Die Audio-Fiction-Serie spielt im S\u00fcden von Berlin und in Ednas Kopf. In intimen inneren Monologen sind wir durch die Serie hinweg sehr nah bei der Protagonistin, laufen mit ihr durch Berlins Stra\u00dfen, Eckkneipen, skurrile Wohnsituationen, erhalten Zuflucht in der Musik und Einblick in ihre Sicht auf die Welt, was sie f\u00fchlt und sucht. Die Serie erz\u00e4hlt mit viel Witz und gleichzeitig Tiefe von einer Protagonistin, die nicht reinpasst in die Gesellschaft. Herzklopfen, Tr\u00e4nen und lautes Lachen garantiert.<\/p>\n<p>EDNA WAR DA ist eine H\u00f6rspielserie \u00fcber Eskapist:innen und Freaks in unserem Zeitalter &amp; eine kleine Liebeserkl\u00e4rung an das Anders-Sein, das Verlorengehen in der Optimierungsgesellschaft, an die Wahlfamilien, die wir uns suchen, und an die heilende Kraft der Musik.[\/vc_column_text][vc_empty_space empty_h=&#8220;2&#8243;][vc_column_text uncode_shortcode_id=&#8220;867595&#8243;]<img decoding=\"async\" class=\"alignnone wp-image-85830 aligncenter\" src=\"https:\/\/www.drehbuchwerkstatt.de\/relaunch\/wp-content\/uploads\/2024\/11\/logo_listening_v2-300x74.jpg\" alt=\"\" width=\"243\" height=\"60\" srcset=\"https:\/\/www.drehbuchwerkstatt.de\/relaunch\/wp-content\/uploads\/2024\/11\/logo_listening_v2-300x74.jpg 300w, https:\/\/www.drehbuchwerkstatt.de\/relaunch\/wp-content\/uploads\/2024\/11\/logo_listening_v2-768x189.jpg 768w, https:\/\/www.drehbuchwerkstatt.de\/relaunch\/wp-content\/uploads\/2024\/11\/logo_listening_v2-350x86.jpg 350w, https:\/\/www.drehbuchwerkstatt.de\/relaunch\/wp-content\/uploads\/2024\/11\/logo_listening_v2.jpg 800w\" sizes=\"(max-width: 243px) 100vw, 243px\" \/>[\/vc_column_text][vc_single_image media=&#8220;86842&#8243; media_width_percent=&#8220;100&#8243; uncode_shortcode_id=&#8220;791487&#8243;][\/vc_column_inner][\/vc_row_inner][vc_empty_space empty_h=&#8220;2&#8243;][\/vc_column][\/vc_row][vc_row unlock_row_content=&#8220;yes&#8220; row_height_percent=&#8220;100&#8243; override_padding=&#8220;yes&#8220; h_padding=&#8220;0&#8243; top_padding=&#8220;0&#8243; bottom_padding=&#8220;0&#8243; overlay_alpha=&#8220;50&#8243; equal_height=&#8220;yes&#8220; gutter_size=&#8220;0&#8243; column_width_percent=&#8220;100&#8243; shift_y=&#8220;0&#8243; z_index=&#8220;0&#8243; content_parallax=&#8220;0&#8243; row_name=&#8220;edna_author&#8220; uncode_shortcode_id=&#8220;316968&#8243;][vc_column column_width_percent=&#8220;100&#8243; gutter_size=&#8220;3&#8243; back_image=&#8220;86876&#8243; kburns=&#8220;yes&#8220; overlay_alpha=&#8220;0&#8243; shift_x=&#8220;0&#8243; shift_y=&#8220;0&#8243; shift_y_down=&#8220;0&#8243; z_index=&#8220;0&#8243; medium_width=&#8220;0&#8243; mobile_width=&#8220;0&#8243; width=&#8220;1\/2&#8243; mobile_height=&#8220;340&#8243; uncode_shortcode_id=&#8220;140130&#8243;][\/vc_column][vc_column column_width_use_pixel=&#8220;yes&#8220; gutter_size=&#8220;3&#8243; override_padding=&#8220;yes&#8220; column_padding=&#8220;5&#8243; back_image=&#8220;85278&#8243; back_repeat=&#8220;repeat&#8220; overlay_alpha=&#8220;50&#8243; shift_x=&#8220;0&#8243; shift_y=&#8220;0&#8243; shift_y_down=&#8220;0&#8243; z_index=&#8220;0&#8243; medium_width=&#8220;0&#8243; mobile_width=&#8220;0&#8243; width=&#8220;1\/2&#8243; column_width_pixel=&#8220;528&#8243; uncode_shortcode_id=&#8220;213552&#8243;][vc_custom_heading text_color=&#8220;color-xsdn&#8220; heading_semantic=&#8220;h1&#8243; text_size=&#8220;h1&#8243; text_transform=&#8220;uppercase&#8220; uncode_shortcode_id=&#8220;487443&#8243; text_color_type=&#8220;uncode-palette&#8220;]LISA SP\u00d6RI[\/vc_custom_heading][vc_column_text uncode_shortcode_id=&#8220;287414&#8243;]Lisa Sp\u00f6ri ist Freie Autorin und Medienk\u00fcnstlerin. Seit 2018 arbeitet sie f\u00fcr den \u00f6ffentlich-rechtlichen H\u00f6rfunk. Sie studierte Philosophie (BA) und Romanische Literaturwissenschaft (MA) in Deutschland und Spanien und war Teil von Autor*innenklassen bei Samantha Schweblin und Maria-Cecilia Barbetta. Ihre Kurzgeschichten und Gedichte erschienen in Anthologien und Zeitschriften. Seit 2023 studiert sie Medienkunst &amp; Mediengestaltung an der Bauhaus-Universit\u00e4t Weimar mit dem Fokus Experimentelles Radio und Analoge Animation. 2024 wurde ihr H\u00f6rspielmanuskript \u201eWasserstadt\u201c mit dem Podiumspreis beim Leipziger H\u00f6rspielsommer ausgezeichnet, dessen Umsetzung im darauffolgenden Jahr den 1. Platz beim Kurzh\u00f6rspielwettbewerb holte. Sie war Stipendiatin der Film- und Medienstiftung NRW.<\/p>\n<p>&nbsp;<\/p>\n<p><img decoding=\"async\" class=\"alignleft wp-image-85353\" src=\"https:\/\/www.drehbuchwerkstatt.de\/relaunch\/wp-content\/uploads\/2024\/05\/dbw_mini_icons_white_mail.png\" alt=\"mail to:\" width=\"20\" height=\"20\" \/><a href=\"mailto:lisa.spoeri@posteo.de\">lisa.spoeri@posteo.de<\/a>[\/vc_column_text][\/vc_column][\/vc_row][vc_row row_height_percent=&#8220;100&#8243; override_padding=&#8220;yes&#8220; h_padding=&#8220;0&#8243; top_padding=&#8220;0&#8243; bottom_padding=&#8220;0&#8243; back_color=&#8220;color-wayh&#8220; back_image=&#8220;86860&#8243; back_repeat=&#8220;no-repeat&#8220; back_position=&#8220;center center&#8220; kburns=&#8220;yes&#8220; overlay_alpha=&#8220;0&#8243; gutter_size=&#8220;3&#8243; column_width_percent=&#8220;100&#8243; shift_y=&#8220;0&#8243; z_index=&#8220;0&#8243; content_parallax=&#8220;0&#8243; row_name=&#8220;lockerroom_bild&#8220; uncode_shortcode_id=&#8220;189753&#8243; back_color_type=&#8220;uncode-palette&#8220;][vc_column column_width_percent=&#8220;100&#8243; position_vertical=&#8220;bottom&#8220; gutter_size=&#8220;3&#8243; overlay_alpha=&#8220;50&#8243; shift_x=&#8220;0&#8243; shift_y=&#8220;0&#8243; shift_y_down=&#8220;0&#8243; z_index=&#8220;0&#8243; medium_width=&#8220;0&#8243; mobile_width=&#8220;0&#8243; width=&#8220;1\/1&#8243;][\/vc_column][\/vc_row][vc_row row_height_percent=&#8220;100&#8243; override_padding=&#8220;yes&#8220; h_padding=&#8220;0&#8243; top_padding=&#8220;0&#8243; bottom_padding=&#8220;0&#8243; back_color=&#8220;color-xsdn&#8220; overlay_alpha=&#8220;50&#8243; gutter_size=&#8220;0&#8243; column_width_percent=&#8220;100&#8243; shift_y=&#8220;0&#8243; z_index=&#8220;0&#8243; content_parallax=&#8220;0&#8243; row_name=&#8220;lockerroom_story&#8220; uncode_shortcode_id=&#8220;639095&#8243; back_color_type=&#8220;uncode-palette&#8220;][vc_column column_width_percent=&#8220;100&#8243; gutter_size=&#8220;3&#8243; style=&#8220;light&#8220; overlay_alpha=&#8220;50&#8243; shift_x=&#8220;0&#8243; shift_y=&#8220;0&#8243; shift_y_down=&#8220;0&#8243; z_index=&#8220;0&#8243; medium_width=&#8220;0&#8243; mobile_width=&#8220;0&#8243; width=&#8220;1\/1&#8243; uncode_shortcode_id=&#8220;104307&#8243;][vc_row_inner row_inner_height_percent=&#8220;0&#8243; back_color=&#8220;color-628826&#8243; back_image=&#8220;85278&#8243; overlay_alpha=&#8220;50&#8243; gutter_size=&#8220;1&#8243; shift_y=&#8220;0&#8243; z_index=&#8220;0&#8243; uncode_shortcode_id=&#8220;297846&#8243; back_color_type=&#8220;uncode-palette&#8220;][vc_column_inner column_width_percent=&#8220;100&#8243; gutter_size=&#8220;3&#8243; override_padding=&#8220;yes&#8220; column_padding=&#8220;5&#8243; style=&#8220;dark&#8220; overlay_alpha=&#8220;50&#8243; shift_x=&#8220;0&#8243; shift_y=&#8220;0&#8243; shift_y_down=&#8220;0&#8243; z_index=&#8220;0&#8243; medium_width=&#8220;0&#8243; mobile_width=&#8220;0&#8243; width=&#8220;1\/1&#8243; uncode_shortcode_id=&#8220;972451&#8243;][vc_custom_heading text_size=&#8220;h1&#8243; text_transform=&#8220;uppercase&#8220; separator=&#8220;yes&#8220; sub_lead=&#8220;yes&#8220; subheading=&#8220;Eine Coming-of-Age Comedy Audioserie von Katharina Stoll | Audio Fiction | 6x 25 Minuten&#8220; uncode_shortcode_id=&#8220;996199&#8243;]LOCKER ROOM TALK[\/vc_custom_heading][\/vc_column_inner][\/vc_row_inner][vc_row_inner row_inner_height_percent=&#8220;0&#8243; overlay_alpha=&#8220;50&#8243; gutter_size=&#8220;1&#8243; shift_y=&#8220;0&#8243; z_index=&#8220;0&#8243; uncode_shortcode_id=&#8220;201640&#8243;][vc_column_inner column_width_percent=&#8220;100&#8243; position_horizontal=&#8220;left&#8220; gutter_size=&#8220;3&#8243; override_padding=&#8220;yes&#8220; column_padding=&#8220;5&#8243; style=&#8220;light&#8220; overlay_alpha=&#8220;50&#8243; shift_x=&#8220;0&#8243; shift_y=&#8220;0&#8243; shift_y_down=&#8220;0&#8243; z_index=&#8220;0&#8243; medium_width=&#8220;0&#8243; mobile_width=&#8220;0&#8243; width=&#8220;1\/2&#8243; uncode_shortcode_id=&#8220;408764&#8243; css=&#8220;.vc_custom_1731929686929{border-top-width: 0px !important;border-bottom-width: 0px !important;padding-top: 0px !important;padding-bottom: 15px !important;}&#8220;][vc_column_text uncode_shortcode_id=&#8220;668703&#8243;]<strong>Zwischen Dauerst\u00e4ndern, Pickeln und Liebesbriefen versuchen Malik, Fred und Loris ihren Schulalltag zu meistern. Seit die Pubert\u00e4t da ist, ist nichts mehr, wie es einmal war. Als dann noch zwei italienische Austauschsch\u00fclerinnen auf der Bildfl\u00e4che erscheinen, scheint die Welt Kopf zu stehen.<\/strong><\/p>\n<p>Malik, Loris und Fred sind beste Freunde und gehen zusammen in eine Klasse. Bisher bestand ihr Leben aus Fu\u00dfball und darin, irgendwie das Schuljahr zu bestreiten. Doch seit Neustem hat Malik eine neue Stimme in seinem Kopf. Ein \u00e4lterer Herr, der in seinen Ansichten nicht ganz auf der H\u00f6he der Zeit zu sein scheint, hat auf einmal das Narrativ \u00fcber sein Leben \u00fcbernommen. Alles scheint sich pl\u00f6tzlich nur noch um Sex zu drehen und Malik glaubt, den Verstand zu verlieren. Zu seiner besten Freundin Ava entwickelt er pl\u00f6tzlich heftigste Gef\u00fchle, doch leidet er unter einer Dauererektion, die er st\u00e4ndig zu verbergen sucht und muss in den ung\u00fcnstigsten Situationen zwanghaft masturbieren. Es schl\u00e4gt ihn in die Flucht und in den R\u00fcckzug. Zu gro\u00df die Scham vor dieser exzessiven neuen Neigung. Er wendet sich zunehmend von seinen Freund*innen ab und versucht, die Stimme in seinem Kopf zu bek\u00e4mpfen.<\/p>\n<p>Auch Loris\u2019 Hormone scheinen mit ihm durchzugehen. Er verliebt sich pl\u00f6tzlich heftigst in seinen Kumpel Fred, nimmt all seinen Mut zusammen und schreibt ihm den sch\u00f6nsten Liebesbrief, den die Welt je gelesen hat. Doch Fred ist v\u00f6llig \u00fcberrumpelt. Er hat eh schon damit zu k\u00e4mpfen, dass sich alles nur noch um Sex zu drehen scheint, und aus seinem eigentlich so friedlichen Leben pl\u00f6tzlich eine kitschige Romcom geworden ist.[\/vc_column_text][\/vc_column_inner][vc_column_inner column_width_percent=&#8220;100&#8243; position_horizontal=&#8220;left&#8220; gutter_size=&#8220;3&#8243; override_padding=&#8220;yes&#8220; column_padding=&#8220;5&#8243; style=&#8220;light&#8220; overlay_alpha=&#8220;50&#8243; shift_x=&#8220;0&#8243; shift_y=&#8220;0&#8243; shift_y_down=&#8220;0&#8243; z_index=&#8220;0&#8243; medium_width=&#8220;0&#8243; mobile_width=&#8220;0&#8243; width=&#8220;1\/2&#8243; uncode_shortcode_id=&#8220;827689&#8243; css=&#8220;.vc_custom_1731929682063{padding-top: 0px !important;}&#8220;][vc_column_text uncode_shortcode_id=&#8220;814920&#8243;]Dabei will er doch einfach nur Fu\u00dfball spielen und zur\u00fcck in die Zeit, in der noch alles ganz normal war. Und jetzt steht auf einmal sein bester Freund auf ihn? Fred ist v\u00f6llig \u00fcberfordert und m\u00f6chte am liebsten den Kopf in den Sand stecken und auf bessere Zeiten warten. W\u00e4hrend die Freundschaft der drei Jungs auseinander zu brechen droht, versucht Ava mit all ihrer Kraft den Laden zusammenzuhalten. Doch versteht sie einfach nicht, wieso Malik sich ihr gegen\u00fcber so seltsam verh\u00e4lt.<\/p>\n<p>Als dann die beiden italienischen Austauschsch\u00fclerinnen auf der Bildfl\u00e4che erscheinen und Malik nur noch Augen f\u00fcr Aurora zu haben scheint, ger\u00e4t auch Ava an ihre Grenzen.<\/p>\n<p>Locker Room Talk &#8211; eine Coming-of-Age Kom\u00f6die \u00fcber Bilder von M\u00e4nnlichkeiten*, Vorstellungen, wie wir zu sein haben und die Missverst\u00e4ndnisse, Herausforderungen und die unendliche Scham, die \u00fcberbrodelnde Hormone so mit sich bringen.[\/vc_column_text][vc_empty_space empty_h=&#8220;2&#8243;][vc_column_text uncode_shortcode_id=&#8220;867595&#8243;]<img decoding=\"async\" class=\"alignnone wp-image-85830 aligncenter\" src=\"https:\/\/www.drehbuchwerkstatt.de\/relaunch\/wp-content\/uploads\/2024\/11\/logo_listening_v2-300x74.jpg\" alt=\"\" width=\"243\" height=\"60\" srcset=\"https:\/\/www.drehbuchwerkstatt.de\/relaunch\/wp-content\/uploads\/2024\/11\/logo_listening_v2-300x74.jpg 300w, https:\/\/www.drehbuchwerkstatt.de\/relaunch\/wp-content\/uploads\/2024\/11\/logo_listening_v2-768x189.jpg 768w, https:\/\/www.drehbuchwerkstatt.de\/relaunch\/wp-content\/uploads\/2024\/11\/logo_listening_v2-350x86.jpg 350w, https:\/\/www.drehbuchwerkstatt.de\/relaunch\/wp-content\/uploads\/2024\/11\/logo_listening_v2.jpg 800w\" sizes=\"(max-width: 243px) 100vw, 243px\" \/>[\/vc_column_text][vc_single_image media=&#8220;86844&#8243; media_width_percent=&#8220;100&#8243; uncode_shortcode_id=&#8220;934101&#8243;][\/vc_column_inner][\/vc_row_inner][vc_empty_space empty_h=&#8220;2&#8243;][\/vc_column][\/vc_row][vc_row unlock_row_content=&#8220;yes&#8220; row_height_percent=&#8220;100&#8243; override_padding=&#8220;yes&#8220; h_padding=&#8220;0&#8243; top_padding=&#8220;0&#8243; bottom_padding=&#8220;0&#8243; overlay_alpha=&#8220;50&#8243; equal_height=&#8220;yes&#8220; gutter_size=&#8220;0&#8243; column_width_percent=&#8220;100&#8243; shift_y=&#8220;0&#8243; z_index=&#8220;0&#8243; content_parallax=&#8220;0&#8243; row_name=&#8220;lockerroom_author&#8220; uncode_shortcode_id=&#8220;626241&#8243;][vc_column column_width_percent=&#8220;100&#8243; gutter_size=&#8220;3&#8243; back_image=&#8220;86877&#8243; kburns=&#8220;yes&#8220; overlay_alpha=&#8220;0&#8243; shift_x=&#8220;0&#8243; shift_y=&#8220;0&#8243; shift_y_down=&#8220;0&#8243; z_index=&#8220;0&#8243; medium_width=&#8220;0&#8243; mobile_width=&#8220;0&#8243; width=&#8220;1\/2&#8243; mobile_height=&#8220;340&#8243; uncode_shortcode_id=&#8220;421007&#8243;][\/vc_column][vc_column column_width_use_pixel=&#8220;yes&#8220; gutter_size=&#8220;3&#8243; override_padding=&#8220;yes&#8220; column_padding=&#8220;5&#8243; back_image=&#8220;85278&#8243; back_repeat=&#8220;repeat&#8220; overlay_alpha=&#8220;50&#8243; shift_x=&#8220;0&#8243; shift_y=&#8220;0&#8243; shift_y_down=&#8220;0&#8243; z_index=&#8220;0&#8243; medium_width=&#8220;0&#8243; mobile_width=&#8220;0&#8243; width=&#8220;1\/2&#8243; column_width_pixel=&#8220;528&#8243; uncode_shortcode_id=&#8220;171274&#8243;][vc_custom_heading text_color=&#8220;color-xsdn&#8220; heading_semantic=&#8220;h1&#8243; text_size=&#8220;h1&#8243; text_transform=&#8220;uppercase&#8220; uncode_shortcode_id=&#8220;974140&#8243; text_color_type=&#8220;uncode-palette&#8220;]KATHARINA STOLL[\/vc_custom_heading][vc_column_text uncode_shortcode_id=&#8220;193674&#8243;]Katharina arbeitet als Autorin und Regisseurin f\u00fcrs Theater. Sie studierte Deutsche Literatur und Philosophie in Berlin und Istanbul und arbeitete sp\u00e4ter als Regieassistentin an der Berliner Schaub\u00fchne. Seit 2020 ist sie mit ihren St\u00fccken sowohl in der freien Szene als auch im Stadttheaterbetrieb unterwegs. Sie ist Mitbegr\u00fcnderin des feministischen Theaterkollektivs Glossy Pain. Ihre Arbeiten sind unter anderem an der Volksb\u00fchne Berlin, dem Volkstheater M\u00fcnchen, dem Badischen Staatstheater Karlsruhe, dem TD und dem Theater an der Ruhr in M\u00fclheim zu sehen und wurden zu zahlreichen Festivals wie dem Radikal Jung, dem Fast Forward und dem Britney X eingeladen.<\/p>\n<p>&nbsp;<\/p>\n<p><img decoding=\"async\" class=\"alignleft wp-image-85353\" src=\"https:\/\/www.drehbuchwerkstatt.de\/relaunch\/wp-content\/uploads\/2024\/05\/dbw_mini_icons_white_mail.png\" alt=\"mail to:\" width=\"20\" height=\"20\" \/><a href=\"https:\/\/katharinastoll.com\/\">Website Katharina Stoll<\/a>[\/vc_column_text][\/vc_column][\/vc_row][vc_row row_height_percent=&#8220;100&#8243; override_padding=&#8220;yes&#8220; h_padding=&#8220;0&#8243; top_padding=&#8220;0&#8243; bottom_padding=&#8220;0&#8243; back_color=&#8220;color-wayh&#8220; back_image=&#8220;86848&#8243; back_repeat=&#8220;no-repeat&#8220; back_position=&#8220;center center&#8220; kburns=&#8220;yes&#8220; overlay_alpha=&#8220;0&#8243; gutter_size=&#8220;3&#8243; column_width_percent=&#8220;100&#8243; shift_y=&#8220;0&#8243; z_index=&#8220;0&#8243; content_parallax=&#8220;0&#8243; row_name=&#8220;oana_bild&#8220; uncode_shortcode_id=&#8220;170458&#8243; back_color_type=&#8220;uncode-palette&#8220;][vc_column column_width_percent=&#8220;100&#8243; position_vertical=&#8220;bottom&#8220; gutter_size=&#8220;3&#8243; overlay_alpha=&#8220;50&#8243; shift_x=&#8220;0&#8243; shift_y=&#8220;0&#8243; shift_y_down=&#8220;0&#8243; z_index=&#8220;0&#8243; medium_width=&#8220;0&#8243; mobile_width=&#8220;0&#8243; width=&#8220;1\/1&#8243;][\/vc_column][\/vc_row][vc_row row_height_percent=&#8220;100&#8243; override_padding=&#8220;yes&#8220; h_padding=&#8220;0&#8243; top_padding=&#8220;0&#8243; bottom_padding=&#8220;0&#8243; back_color=&#8220;color-xsdn&#8220; overlay_alpha=&#8220;50&#8243; gutter_size=&#8220;0&#8243; column_width_percent=&#8220;100&#8243; shift_y=&#8220;0&#8243; z_index=&#8220;0&#8243; content_parallax=&#8220;0&#8243; row_name=&#8220;oana_story&#8220; uncode_shortcode_id=&#8220;900794&#8243; back_color_type=&#8220;uncode-palette&#8220;][vc_column column_width_percent=&#8220;100&#8243; gutter_size=&#8220;3&#8243; style=&#8220;light&#8220; overlay_alpha=&#8220;50&#8243; shift_x=&#8220;0&#8243; shift_y=&#8220;0&#8243; shift_y_down=&#8220;0&#8243; z_index=&#8220;0&#8243; medium_width=&#8220;0&#8243; mobile_width=&#8220;0&#8243; width=&#8220;1\/1&#8243; uncode_shortcode_id=&#8220;118654&#8243;][vc_row_inner row_inner_height_percent=&#8220;0&#8243; back_color=&#8220;color-628826&#8243; back_image=&#8220;85278&#8243; overlay_alpha=&#8220;50&#8243; gutter_size=&#8220;1&#8243; shift_y=&#8220;0&#8243; z_index=&#8220;0&#8243; uncode_shortcode_id=&#8220;300121&#8243; back_color_type=&#8220;uncode-palette&#8220;][vc_column_inner column_width_percent=&#8220;100&#8243; gutter_size=&#8220;3&#8243; override_padding=&#8220;yes&#8220; column_padding=&#8220;5&#8243; style=&#8220;dark&#8220; overlay_alpha=&#8220;50&#8243; shift_x=&#8220;0&#8243; shift_y=&#8220;0&#8243; shift_y_down=&#8220;0&#8243; z_index=&#8220;0&#8243; medium_width=&#8220;0&#8243; mobile_width=&#8220;0&#8243; width=&#8220;1\/1&#8243; uncode_shortcode_id=&#8220;170174&#8243;][vc_custom_heading text_size=&#8220;h1&#8243; text_transform=&#8220;uppercase&#8220; separator=&#8220;yes&#8220; sub_lead=&#8220;yes&#8220; subheading=&#8220;Eine Romantic Comedy \/ Urban Fantasy \/ Coming-of-Eternal-Age Serie von Carolin S\u00fcnderhauf | Audio Fiction | 12 x 25 Minuten&#8220; uncode_shortcode_id=&#8220;401854&#8243;]<span class=\"s2\">OANA <\/span><span class=\"s2\">&#8211;<\/span><span class=\"s2\"> FOREVER 25<\/span>[\/vc_custom_heading][\/vc_column_inner][\/vc_row_inner][vc_row_inner row_inner_height_percent=&#8220;0&#8243; overlay_alpha=&#8220;50&#8243; gutter_size=&#8220;1&#8243; shift_y=&#8220;0&#8243; z_index=&#8220;0&#8243; uncode_shortcode_id=&#8220;201640&#8243;][vc_column_inner column_width_percent=&#8220;100&#8243; position_horizontal=&#8220;left&#8220; gutter_size=&#8220;3&#8243; override_padding=&#8220;yes&#8220; column_padding=&#8220;5&#8243; style=&#8220;light&#8220; overlay_alpha=&#8220;50&#8243; shift_x=&#8220;0&#8243; shift_y=&#8220;0&#8243; shift_y_down=&#8220;0&#8243; z_index=&#8220;0&#8243; medium_width=&#8220;0&#8243; mobile_width=&#8220;0&#8243; width=&#8220;1\/2&#8243; uncode_shortcode_id=&#8220;803981&#8243; css=&#8220;.vc_custom_1731929710383{border-top-width: 0px !important;border-bottom-width: 0px !important;padding-top: 0px !important;padding-bottom: 15px !important;}&#8220;][vc_column_text uncode_shortcode_id=&#8220;309730&#8243;]<strong>Mit 142 Jahren und einem Gesicht, das f\u00fcr immer 25 bleibt, soll OANA laut apokalyptischer Prophezeiung dringend Nachwuchs zeugen &#8211; sonst geht die uralte Grottenvampir-Dynastie unter, samt ihren Eltern. W\u00e4hrend Oanas Mutter von einer standesgem\u00e4\u00dfen Blutehe tr\u00e4umt, flieht Oana lieber nach M\u00fcnchen, schreibt sich an der Uni ein und st\u00fcrzt sich ins wilde Studentenleben. Einen Partner sucht sie sich selbst &#8211; notfalls auch einen Menschen, solange er ihr ebenb\u00fcrtig ist. Doch w\u00e4hrend die Deadline n\u00e4her r\u00fcckt und KOMMISSAR BRENNER (58) ihr und ihren blutigen Dates auf die Spur kommt, beginnt ein Kampf gegen Erwartungen, Verlobungspl\u00e4ne und eine \u00fcbernat\u00fcrliche Identit\u00e4tssuche.<\/strong><\/p>\n<p>Was bedeutet Erwachsenwerden, wenn man nie alt wird?<\/p>\n<p>Als letzte Erbin einer uralten Vampirdynastie soll Oana eine arrangierte Blutehe mit dem furchtbaren Graf Sensenmeier eingehen &#8211; unter dem Druck bitters\u00fc\u00dfer Drohungen ihrer Mutter GABRIELLA (587) und eines apokalyptischen Countdowns.<\/p>\n<p>Doch Oana verweigert sich ihrem Schicksal und schreibt sich undercover an der LMU M\u00fcnchen f\u00fcr Kunstgeschichte ein. Auf der Suche nach einem heiratswilligen Menschenmann, der bereit ist, seine Sterblichkeit aufzugeben und Oanas freches Mundwerk f\u00fcr immer zu ertragen, verliert sie sich zwischen WG-Partys, Surrealismusvorlesungen und blutigen Dates. Als immer h\u00e4ufiger m\u00e4nnliche Studierende von merkw\u00fcrdigen \u00dcberf\u00e4llen durch eine mysteri\u00f6se Frau berichten, wird Kommissar Brenner eingeschaltet.[\/vc_column_text][\/vc_column_inner][vc_column_inner column_width_percent=&#8220;100&#8243; position_horizontal=&#8220;left&#8220; gutter_size=&#8220;3&#8243; override_padding=&#8220;yes&#8220; column_padding=&#8220;5&#8243; style=&#8220;light&#8220; overlay_alpha=&#8220;50&#8243; shift_x=&#8220;0&#8243; shift_y=&#8220;0&#8243; shift_y_down=&#8220;0&#8243; z_index=&#8220;0&#8243; medium_width=&#8220;0&#8243; mobile_width=&#8220;0&#8243; width=&#8220;1\/2&#8243; uncode_shortcode_id=&#8220;149101&#8243; css=&#8220;.vc_custom_1731929704787{padding-top: 0px !important;}&#8220;][vc_column_text uncode_shortcode_id=&#8220;329965&#8243;]Gut, dass sie ihren sprechenden Siegelring AZARIEL hat, der sie immer wieder auf den Boden der Tatsachen holt und sie an den eigentlichen Auftrag erinnert.<br \/>\nDoch Oana kann sich immer noch nicht entscheiden: der perfekte PAUL (29), der Freigeist LUAN (23) oder der mysteri\u00f6se RASMUS (27), bei dem sogar ihr untotes Herz zu flattern beginnt?<\/p>\n<p>Durchs Semester begleitet sie DALIA (24), ihre WG-Partnerin und queere Theologie-Studentin, die zwischen Tarot und Bibel zur moralischen Sparringspartnerin wird &#8211; und zu Oanas einziger wahrer Verb\u00fcndeten.<\/p>\n<p>W\u00e4hrend der Kommissar ihr immer n\u00e4her kommt und die Prophezeiung unheilvoll tickt, sucht Oana nichts Geringeres als sich selbst\u2026und das, was Menschen Liebe nennen.<\/p>\n<p><strong>OANA \u2013 FOREVER 25<\/strong> ist eine bissige, witzige und zugleich melancholische Coming-of-Eternal-Age Geschichte \u00fcber Liebe, Freiheit, Identit\u00e4t und das Erwachsenwerden, wenn man nie alt wird. Eine moderne Neuinterpretation des Vampirmythos &#8211; erz\u00e4hlt aus der Perspektive einer widerspr\u00fcchlichen, faszinierend menschlichen Unsterblichen.[\/vc_column_text][vc_empty_space empty_h=&#8220;2&#8243;][vc_column_text uncode_shortcode_id=&#8220;867595&#8243;]<img decoding=\"async\" class=\"alignnone wp-image-85830 aligncenter\" src=\"https:\/\/www.drehbuchwerkstatt.de\/relaunch\/wp-content\/uploads\/2024\/11\/logo_listening_v2-300x74.jpg\" alt=\"\" width=\"243\" height=\"60\" srcset=\"https:\/\/www.drehbuchwerkstatt.de\/relaunch\/wp-content\/uploads\/2024\/11\/logo_listening_v2-300x74.jpg 300w, https:\/\/www.drehbuchwerkstatt.de\/relaunch\/wp-content\/uploads\/2024\/11\/logo_listening_v2-768x189.jpg 768w, https:\/\/www.drehbuchwerkstatt.de\/relaunch\/wp-content\/uploads\/2024\/11\/logo_listening_v2-350x86.jpg 350w, https:\/\/www.drehbuchwerkstatt.de\/relaunch\/wp-content\/uploads\/2024\/11\/logo_listening_v2.jpg 800w\" sizes=\"(max-width: 243px) 100vw, 243px\" \/>[\/vc_column_text][vc_single_image media=&#8220;86845&#8243; media_width_percent=&#8220;100&#8243; uncode_shortcode_id=&#8220;174984&#8243;][\/vc_column_inner][\/vc_row_inner][vc_empty_space empty_h=&#8220;2&#8243;][\/vc_column][\/vc_row][vc_row unlock_row_content=&#8220;yes&#8220; row_height_percent=&#8220;100&#8243; override_padding=&#8220;yes&#8220; h_padding=&#8220;0&#8243; top_padding=&#8220;0&#8243; bottom_padding=&#8220;0&#8243; overlay_alpha=&#8220;50&#8243; equal_height=&#8220;yes&#8220; gutter_size=&#8220;0&#8243; column_width_percent=&#8220;100&#8243; shift_y=&#8220;0&#8243; z_index=&#8220;0&#8243; content_parallax=&#8220;0&#8243; row_name=&#8220;oana_author&#8220; uncode_shortcode_id=&#8220;195293&#8243;][vc_column column_width_percent=&#8220;100&#8243; gutter_size=&#8220;3&#8243; back_image=&#8220;86878&#8243; kburns=&#8220;yes&#8220; overlay_alpha=&#8220;0&#8243; shift_x=&#8220;0&#8243; shift_y=&#8220;0&#8243; shift_y_down=&#8220;0&#8243; z_index=&#8220;0&#8243; medium_width=&#8220;0&#8243; mobile_width=&#8220;0&#8243; width=&#8220;1\/2&#8243; mobile_height=&#8220;340&#8243; uncode_shortcode_id=&#8220;146126&#8243;][\/vc_column][vc_column column_width_use_pixel=&#8220;yes&#8220; gutter_size=&#8220;3&#8243; override_padding=&#8220;yes&#8220; column_padding=&#8220;5&#8243; back_image=&#8220;85278&#8243; back_repeat=&#8220;repeat&#8220; overlay_alpha=&#8220;50&#8243; shift_x=&#8220;0&#8243; shift_y=&#8220;0&#8243; shift_y_down=&#8220;0&#8243; z_index=&#8220;0&#8243; medium_width=&#8220;0&#8243; mobile_width=&#8220;0&#8243; width=&#8220;1\/2&#8243; column_width_pixel=&#8220;528&#8243; uncode_shortcode_id=&#8220;297788&#8243;][vc_custom_heading text_color=&#8220;color-xsdn&#8220; heading_semantic=&#8220;h1&#8243; text_size=&#8220;h1&#8243; text_transform=&#8220;uppercase&#8220; uncode_shortcode_id=&#8220;983104&#8243; text_color_type=&#8220;uncode-palette&#8220;]CAROLIN S\u00dcNDERHAUF[\/vc_custom_heading][vc_column_text uncode_shortcode_id=&#8220;202328&#8243;]Carolin S\u00fcnderhauf ist 1992 im Schwarzwald geboren. Aufgewachsen in der Pfalz und am Bodensee. Nach der Internatszeit und dem Abitur an der Schule Schloss Salem folgte das Studium der<br \/>\nKunstgeschichte und &#8222;Sprache, Literatur, Kultur&#8220; an der LMU M\u00fcnchen. Anschlie\u00dfendes Masterstudium an der FU Berlin in Angewandter Literaturwissenschaft &#8211; Gegenwartsliteratur mit Schwerpunkt Film- und Serienentwicklung. Seit \u00fcber zehn Jahren selbst\u00e4ndige Berufst\u00e4tigkeit als internationales Model. Parallel erfolgt der Aufbau der Selbst\u00e4ndigkeit als Autorin.<\/p>\n<p>Carolins Serienkonzepte wurden auf dem Deutschen Fernsehkrimifestival Wiesbaden, dem TV Series Festival Berlin, der Seriale Gie\u00dfen und dem achtung berlin Filmfestival vorgestellt. Ihr Konzept DAS ENDE DER ZUKUNFT befindet sich in der Weiterentwicklung mit W&amp;B Television.<\/p>\n<p>Mutter zweier T\u00f6chter.<\/p>\n<p>&nbsp;<\/p>\n<p><img decoding=\"async\" class=\"alignleft wp-image-85355 \" src=\"https:\/\/www.drehbuchwerkstatt.de\/relaunch\/wp-content\/uploads\/2024\/05\/dbw_mini_icons_white_web.png\" alt=\"\" width=\"20\" height=\"20\" \/><a href=\"https:\/\/www.carolinsuenderhauf.de\/\" target=\"_blank\" rel=\"noopener\">www.carolinsuenderhauf.de<\/a><\/p>\n<p><img decoding=\"async\" class=\"alignleft wp-image-85353\" src=\"https:\/\/www.drehbuchwerkstatt.de\/relaunch\/wp-content\/uploads\/2024\/05\/dbw_mini_icons_white_mail.png\" alt=\"mail to:\" width=\"20\" height=\"20\" \/><a href=\"mailto:carolin.suenderhauf@gmail.com\">carolin.suenderhauf@gmail.com<\/a>[\/vc_column_text][\/vc_column][\/vc_row][vc_row row_height_percent=&#8220;100&#8243; override_padding=&#8220;yes&#8220; h_padding=&#8220;0&#8243; top_padding=&#8220;0&#8243; bottom_padding=&#8220;0&#8243; back_color=&#8220;color-wayh&#8220; back_image=&#8220;84814&#8243; back_repeat=&#8220;no-repeat&#8220; back_position=&#8220;center center&#8220; kburns=&#8220;yes&#8220; overlay_alpha=&#8220;0&#8243; gutter_size=&#8220;3&#8243; column_width_percent=&#8220;100&#8243; shift_y=&#8220;0&#8243; z_index=&#8220;0&#8243; content_parallax=&#8220;0&#8243; row_name=&#8220;about_us&#8220; uncode_shortcode_id=&#8220;179779&#8243; back_color_type=&#8220;uncode-palette&#8220;][vc_column column_width_percent=&#8220;100&#8243; position_vertical=&#8220;middle&#8220; align_horizontal=&#8220;align_center&#8220; gutter_size=&#8220;3&#8243; overlay_alpha=&#8220;50&#8243; shift_x=&#8220;0&#8243; shift_y=&#8220;0&#8243; shift_y_down=&#8220;0&#8243; z_index=&#8220;0&#8243; medium_width=&#8220;0&#8243; mobile_width=&#8220;0&#8243; width=&#8220;1\/4&#8243;][\/vc_column][vc_column column_width_percent=&#8220;100&#8243; position_vertical=&#8220;middle&#8220; gutter_size=&#8220;3&#8243; override_padding=&#8220;yes&#8220; column_padding=&#8220;3&#8243; overlay_alpha=&#8220;50&#8243; shift_x=&#8220;0&#8243; shift_y=&#8220;0&#8243; shift_y_down=&#8220;0&#8243; z_index=&#8220;0&#8243; medium_width=&#8220;0&#8243; mobile_width=&#8220;0&#8243; width=&#8220;1\/2&#8243; uncode_shortcode_id=&#8220;188773&#8243;][vc_column_text text_lead=&#8220;small&#8220; uncode_shortcode_id=&#8220;470659&#8243;]<\/p>\n<h2><img decoding=\"async\" class=\"alignnone size-medium wp-image-84043 aligncenter\" src=\"https:\/\/www.drehbuchwerkstatt.de\/relaunch\/wp-content\/uploads\/2022\/09\/dbw_audience1st_logo_official-300x85.png\" alt=\"\" width=\"300\" height=\"85\" srcset=\"https:\/\/www.drehbuchwerkstatt.de\/relaunch\/wp-content\/uploads\/2022\/09\/dbw_audience1st_logo_official-300x85.png 300w, https:\/\/www.drehbuchwerkstatt.de\/relaunch\/wp-content\/uploads\/2022\/09\/dbw_audience1st_logo_official-1024x291.png 1024w, https:\/\/www.drehbuchwerkstatt.de\/relaunch\/wp-content\/uploads\/2022\/09\/dbw_audience1st_logo_official-768x218.png 768w, https:\/\/www.drehbuchwerkstatt.de\/relaunch\/wp-content\/uploads\/2022\/09\/dbw_audience1st_logo_official.png 1496w\" sizes=\"(max-width: 300px) 100vw, 300px\" \/><\/h2>\n<h2>Sch\u00f6n, dass Sie sich unser Scrolly bis zu Ende angesehen haben!<\/h2>\n<p>Wir haben einen Raum geschaffen, in dem vier Creators ihren eigenen Stoff mitbringen &#8211; und mit vier Contributors in einen lebendigen und agilen Dialog aus Feedback, Anregungen und Fragestellungen treten! Das audience:first storytelling lab \u00f6ffnet damit schon in der fr\u00fchen Schaffensphase wichtige T\u00fcren: Zum Publikum, zur Branche und zur Kompetenz von anderen erfolgreichen Kreativen! Gemeinsam befragen sie potentielle Zuschauer nach ihren Bed\u00fcrfnissen, Vorlieben und nach ihrem Umgang mit den Medien. F\u00fcr wen erz\u00e4hlen wir diese Geschichte? Welche Fragen besch\u00e4ftigen unsere Zielgruppen und nach welchen Geschichten sehnen sich diese?<\/p>\n<p>Auch das audience:first storytelling lab AUDIO FICTION 2025 war wieder eine intensive Woche. Am Montag gab es Impulsvortr\u00e4ge u.a. von Alison Hindell (BBC Radio 4) zu aktuellen Chancen und Herausforderungen der Branche und am Dienstag Einblicke in die Medienforschung und eine Listening Session von zwei Projekten aus dem letzten AUDIO FICTION lab, die f\u00fcr die ARD Audiothek produziert wurden: NIXE von Tia Morgen und Lamyas Buch der Scharlatane von Andrea Gei\u00dfler und Amal El Ommali. Der Mittwoch war reserviert f\u00fcr intensives Schreiben an den Serienstoffen und Szenen. Dabei begleitet und kreativ unterst\u00fctzt haben sie u.a. bei einem Table-Read der Regisseur Ron Schickler und die Schauspieler Sandra Bosch, Pirmin Sedelmeir und Marianna \u00d6lmez. Bereits am Donnerstag ging es zur Produktion prototypischer Szenen in die BR Studios \u2013 alles in sehr kurzer Zeit und gedacht als erstes Layout. Am Freitag gab es dazu bereits eine Zuschauerbefragung und die Masterclass von Despina Grammatikopulu, die unsere Talente mit wertvollem Feedback f\u00fcr ihre PITCHES versorgt haben.<\/p>\n<p>Wir bedanken uns au\u00dferdem bei den Contributor*innen Viviane Petrescu, Sandra Herbsthofer, Sarah Fischbacher und unser Nachwuchstalent Sebastian Weigand f\u00fcr ihren kreativen Input!<\/p>\n<hr \/>\n<p>Herzliche Gr\u00fc\u00dfe!\u00a0Ihre <strong>audience:first<\/strong> Projektleitung<\/p>\n<p><strong>Matthias Leitner<\/strong>, Bayerischer Rundfunk<\/p>\n<p><strong>Julia Zantl<\/strong>, Drehbuchwerkstatt M\u00fcnchen<\/p>\n<div class=\"quader_blue\"><\/div>\n<p>[\/vc_column_text][\/vc_column][vc_column width=&#8220;1\/4&#8243;][\/vc_column][\/vc_row][vc_row row_height_percent=&#8220;100&#8243; override_padding=&#8220;yes&#8220; h_padding=&#8220;0&#8243; top_padding=&#8220;3&#8243; bottom_padding=&#8220;5&#8243; back_image=&#8220;84008&#8243; back_repeat=&#8220;repeat&#8220; overlay_alpha=&#8220;0&#8243; gutter_size=&#8220;4&#8243; column_width_percent=&#8220;100&#8243; shift_y=&#8220;0&#8243; z_index=&#8220;0&#8243; content_parallax=&#8220;0&#8243; row_name=&#8220;partner&#8220; uncode_shortcode_id=&#8220;108887&#8243;][vc_column column_width_percent=&#8220;100&#8243; gutter_size=&#8220;2&#8243; overlay_alpha=&#8220;50&#8243; shift_x=&#8220;0&#8243; shift_y=&#8220;0&#8243; shift_y_down=&#8220;0&#8243; z_index=&#8220;0&#8243; medium_width=&#8220;0&#8243; mobile_width=&#8220;0&#8243; width=&#8220;1\/1&#8243;][vc_single_image media=&#8220;86854&#8243; media_lightbox=&#8220;yes&#8220; media_width_percent=&#8220;100&#8243; alignment=&#8220;center&#8220; uncode_shortcode_id=&#8220;136478&#8243;][vc_empty_space empty_h=&#8220;2&#8243;][vc_separator sep_color=&#8220;color-605789&#8243;][vc_empty_space empty_h=&#8220;2&#8243;][vc_row_inner][vc_column_inner column_width_percent=&#8220;100&#8243; gutter_size=&#8220;2&#8243; overlay_alpha=&#8220;50&#8243; shift_x=&#8220;0&#8243; shift_y=&#8220;0&#8243; shift_y_down=&#8220;0&#8243; z_index=&#8220;0&#8243; medium_width=&#8220;0&#8243; mobile_width=&#8220;0&#8243; width=&#8220;4\/12&#8243; uncode_shortcode_id=&#8220;202295&#8243;][vc_single_image media=&#8220;84043&#8243; media_width_percent=&#8220;50&#8243; alignment=&#8220;center&#8220;][vc_empty_space empty_h=&#8220;2&#8243; desktop_visibility=&#8220;yes&#8220;][\/vc_column_inner][vc_column_inner column_width_percent=&#8220;100&#8243; gutter_size=&#8220;3&#8243; overlay_alpha=&#8220;50&#8243; shift_x=&#8220;0&#8243; shift_y=&#8220;0&#8243; shift_y_down=&#8220;0&#8243; z_index=&#8220;0&#8243; medium_visibility=&#8220;yes&#8220; medium_width=&#8220;0&#8243; mobile_visibility=&#8220;yes&#8220; mobile_width=&#8220;0&#8243; width=&#8220;2\/12&#8243;][\/vc_column_inner][vc_column_inner column_width_percent=&#8220;100&#8243; position_vertical=&#8220;middle&#8220; gutter_size=&#8220;3&#8243; overlay_alpha=&#8220;50&#8243; shift_x=&#8220;0&#8243; shift_y=&#8220;0&#8243; shift_y_down=&#8220;0&#8243; z_index=&#8220;0&#8243; medium_width=&#8220;0&#8243; mobile_width=&#8220;0&#8243; width=&#8220;6\/12&#8243; uncode_shortcode_id=&#8220;142152&#8243; css=&#8220;.vc_custom_1699944190072{padding-right: 20px !important;}&#8220;][vc_column_text uncode_shortcode_id=&#8220;176583&#8243; css=&#8220;.vc_custom_1731747992692{padding-right: 2px !important;}&#8220;]<\/p>\n<h4>Das audience:first storytelling lab ist eine Initiative des Bayerischen Rundfunks und der Drehbuchwerkstatt M\u00fcnchen, in Kooperation mit der HFF M\u00fcnchen, <span lang=\"DE\">dem Seriencamp, <\/span>der ARD Mediathek und der ARD Audiothek.<\/h4>\n<p>[\/vc_column_text][\/vc_column_inner][\/vc_row_inner][vc_empty_space empty_h=&#8220;1&#8243;][vc_row_inner][vc_column_inner column_width_percent=&#8220;100&#8243; position_vertical=&#8220;middle&#8220; align_horizontal=&#8220;align_center&#8220; gutter_size=&#8220;3&#8243; overlay_alpha=&#8220;50&#8243; shift_x=&#8220;0&#8243; shift_y=&#8220;0&#8243; shift_y_down=&#8220;0&#8243; z_index=&#8220;0&#8243; medium_width=&#8220;4&#8243; mobile_width=&#8220;4&#8243; width=&#8220;1\/3&#8243; uncode_shortcode_id=&#8220;181415&#8243;][vc_single_image media=&#8220;84016&#8243; media_width_percent=&#8220;50&#8243; alignment=&#8220;center&#8220; media_link=&#8220;url:https%3A%2F%2Fwww.br.de%2Faudiencefirst%2Findex.html|target:_blank&#8220; uncode_shortcode_id=&#8220;127366&#8243;][\/vc_column_inner][vc_column_inner column_width_percent=&#8220;100&#8243; position_vertical=&#8220;middle&#8220; align_horizontal=&#8220;align_center&#8220; gutter_size=&#8220;3&#8243; overlay_alpha=&#8220;50&#8243; shift_x=&#8220;0&#8243; shift_y=&#8220;0&#8243; shift_y_down=&#8220;0&#8243; z_index=&#8220;0&#8243; medium_width=&#8220;0&#8243; mobile_width=&#8220;0&#8243; width=&#8220;1\/3&#8243; uncode_shortcode_id=&#8220;243554&#8243;][vc_single_image media=&#8220;86338&#8243; media_width_percent=&#8220;50&#8243; alignment=&#8220;center&#8220; media_link=&#8220;url:https%3A%2F%2Fwww.drehbuchwerkstatt.de%2Frelaunch%2Fdrehbuchwerkstatt-muenchen-ueber-uns%2F%23audiencefirst|target:_blank&#8220; uncode_shortcode_id=&#8220;140684&#8243;][\/vc_column_inner][vc_column_inner column_width_percent=&#8220;100&#8243; position_vertical=&#8220;middle&#8220; align_horizontal=&#8220;align_center&#8220; gutter_size=&#8220;3&#8243; overlay_alpha=&#8220;50&#8243; shift_x=&#8220;0&#8243; shift_y=&#8220;0&#8243; shift_y_down=&#8220;0&#8243; z_index=&#8220;0&#8243; medium_width=&#8220;0&#8243; mobile_width=&#8220;0&#8243; width=&#8220;1\/3&#8243; uncode_shortcode_id=&#8220;307587&#8243;][vc_single_image media=&#8220;84012&#8243; media_width_percent=&#8220;50&#8243; alignment=&#8220;center&#8220; media_link=&#8220;url:https%3A%2F%2Fwww.hff-muenchen.de|target:_blank&#8220;][\/vc_column_inner][\/vc_row_inner][vc_row_inner][vc_column_inner column_width_percent=&#8220;100&#8243; position_vertical=&#8220;middle&#8220; align_horizontal=&#8220;align_center&#8220; gutter_size=&#8220;3&#8243; overlay_alpha=&#8220;50&#8243; shift_x=&#8220;0&#8243; shift_y=&#8220;0&#8243; shift_y_down=&#8220;0&#8243; z_index=&#8220;0&#8243; medium_width=&#8220;4&#8243; mobile_width=&#8220;4&#8243; width=&#8220;1\/3&#8243; uncode_shortcode_id=&#8220;928212&#8243;][vc_single_image media=&#8220;86884&#8243; media_width_percent=&#8220;50&#8243; alignment=&#8220;center&#8220; media_link=&#8220;url:https%3A%2F%2Fwww.ardaudiothek.de|target:_blank&#8220; uncode_shortcode_id=&#8220;204744&#8243;][\/vc_column_inner][vc_column_inner column_width_percent=&#8220;100&#8243; position_vertical=&#8220;middle&#8220; align_horizontal=&#8220;align_center&#8220; gutter_size=&#8220;3&#8243; overlay_alpha=&#8220;50&#8243; shift_x=&#8220;0&#8243; shift_y=&#8220;0&#8243; shift_y_down=&#8220;0&#8243; z_index=&#8220;0&#8243; medium_width=&#8220;0&#8243; mobile_width=&#8220;0&#8243; width=&#8220;1\/3&#8243; uncode_shortcode_id=&#8220;246486&#8243;][vc_single_image media=&#8220;84013&#8243; media_width_percent=&#8220;50&#8243; alignment=&#8220;center&#8220; media_link=&#8220;url:https%3A%2F%2Fwww.seriencamp.tv|target:_blank&#8220;][\/vc_column_inner][vc_column_inner column_width_percent=&#8220;100&#8243; position_vertical=&#8220;middle&#8220; align_horizontal=&#8220;align_center&#8220; gutter_size=&#8220;3&#8243; overlay_alpha=&#8220;50&#8243; shift_x=&#8220;0&#8243; shift_y=&#8220;0&#8243; shift_y_down=&#8220;0&#8243; z_index=&#8220;0&#8243; medium_width=&#8220;0&#8243; mobile_width=&#8220;0&#8243; width=&#8220;1\/3&#8243; uncode_shortcode_id=&#8220;915930&#8243;][vc_single_image media=&#8220;85130&#8243; media_width_percent=&#8220;50&#8243; alignment=&#8220;center&#8220; media_link=&#8220;url:https%3A%2F%2Fwww.bayern.de%2F|target:_blank&#8220; uncode_shortcode_id=&#8220;219003&#8243;][\/vc_column_inner][\/vc_row_inner][vc_empty_space empty_h=&#8220;2&#8243;][vc_column_text uncode_shortcode_id=&#8220;194214&#8243;]<\/p>\n<h2 style=\"text-align: center;\">WIR DANKEN UNSEREN PARTNERN F\u00dcR IHRE UNTERST\u00dcTZUNG!<\/h2>\n<p>[\/vc_column_text][vc_empty_space empty_h=&#8220;4&#8243;][\/vc_column][\/vc_row]<\/p>\n<\/div>","protected":false},"excerpt":{"rendered":"<p>audience:first storytelling lab 11.2025<\/p>\n","protected":false},"author":1,"featured_media":85153,"parent":0,"menu_order":0,"comment_status":"closed","ping_status":"closed","template":"","meta":{"footnotes":""},"class_list":["post-86829","page","type-page","status-publish","has-post-thumbnail","hentry"],"_links":{"self":[{"href":"https:\/\/www.drehbuchwerkstatt.de\/relaunch\/wp-json\/wp\/v2\/pages\/86829","targetHints":{"allow":["GET"]}}],"collection":[{"href":"https:\/\/www.drehbuchwerkstatt.de\/relaunch\/wp-json\/wp\/v2\/pages"}],"about":[{"href":"https:\/\/www.drehbuchwerkstatt.de\/relaunch\/wp-json\/wp\/v2\/types\/page"}],"author":[{"embeddable":true,"href":"https:\/\/www.drehbuchwerkstatt.de\/relaunch\/wp-json\/wp\/v2\/users\/1"}],"replies":[{"embeddable":true,"href":"https:\/\/www.drehbuchwerkstatt.de\/relaunch\/wp-json\/wp\/v2\/comments?post=86829"}],"version-history":[{"count":39,"href":"https:\/\/www.drehbuchwerkstatt.de\/relaunch\/wp-json\/wp\/v2\/pages\/86829\/revisions"}],"predecessor-version":[{"id":86905,"href":"https:\/\/www.drehbuchwerkstatt.de\/relaunch\/wp-json\/wp\/v2\/pages\/86829\/revisions\/86905"}],"wp:featuredmedia":[{"embeddable":true,"href":"https:\/\/www.drehbuchwerkstatt.de\/relaunch\/wp-json\/wp\/v2\/media\/85153"}],"wp:attachment":[{"href":"https:\/\/www.drehbuchwerkstatt.de\/relaunch\/wp-json\/wp\/v2\/media?parent=86829"}],"curies":[{"name":"wp","href":"https:\/\/api.w.org\/{rel}","templated":true}]}}